{"id":781,"date":"2019-02-24T21:38:34","date_gmt":"2019-02-24T20:38:34","guid":{"rendered":"http:\/\/vertivinies.fr\/?page_id=781"},"modified":"2026-02-09T17:26:36","modified_gmt":"2026-02-09T16:26:36","slug":"domaine-agarrus","status":"publish","type":"page","link":"http:\/\/vertivinies.fr\/index.php\/vignerons-salon-vertivinies\/domaine-agarrus\/","title":{"rendered":"Domaine Agarrus"},"content":{"rendered":"<p><span class=\"vign_thumb_txt\"><span style=\"vertical-align: inherit;\"><span style=\"vertical-align: inherit;\">Serge Scherrer<\/span><\/span><\/span><!--more--><span style=\"vertical-align: inherit;\"><span style=\"vertical-align: inherit;\"> \r\n    <div class=\"vign_big_bloc\">\r\n        <div class=\"vign_ss_titre\">Serge Scherrer<\/div>\r\n        <div class=\"vign_bloc_img\">\r\n            <img loading=\"lazy\" decoding=\"async\" src=\"http:\/\/vertivinies.fr\/wp-content\/uploads\/2025\/01\/Agarrus-scaled.jpg\" alt=\"\" title=\"\" width=\"578\" height=\"385\" \/>\r\n        <\/div>\r\n\r\n        <div class=\"vign_bloc_param\">\r\n            <p class=\"vign_params\">\r\n                <span class=\"vign_param_titre\">Appellations<\/span><br \/>\r\n                C\u00e9vennes - IGP C\u00e9vennes<br \/>\r\nDuch\u00e9 d'Uz\u00e8s\r\n                <br \/>\r\n                <span class=\"vign_param_titre\">C\u00e9pages<\/span><br \/>\r\n                Carignan, Mourv\u00e8dre, Cinsault, Grenache, Syrah, Bourboulenc, Vermentino, Viognier, Roussanne, Marsanne\r\n                <br \/>\r\n                <span class=\"vign_param_titre\">Superficie<\/span><br \/>\r\n                11 ha\r\n                <br \/>\r\n                <span class=\"vign_param_titre\">Culture<\/span><br \/>\r\n                Bio certifi\u00e9 ECOCERT - Vendange manuelle\r\n                <br \/>\r\n                <span class=\"vign_param_titre\">R\u00e9compenses et Mentions<\/span><br \/>\r\n                Le Midi Libre - Guide Hachette\r\n            <\/p>\r\n        <\/div>\r\n    <\/div>\r\n\r\n    <div class=\"vign_bloc_txt\">\r\n        <span style=\"font-size: 24px; color: #b70505;font-weight:bold\">PRESENTATION<\/span><br \/>\r\n<br \/>\r\nSerge Scherrer est arriv\u00e9 il y a 12 ans sur ce magnifique terroir de l'Uz\u00e8ge situ\u00e9 au nord ouest de N\u00eemes, au pied des C\u00e9vennes.<br \/>\r\n<br \/>\r\n<span style=\"font-weight:bold\">Parti avec moins d\u2019un hectare, pendant des ann\u00e9es il est facteur le matin et vigneron \u00e0 plein temps.<\/span><br \/>\r\nA l'\u00e9coute de son terroir, il construit avec talent son domaine: Agarrus.<br \/>\r\n<br \/>\r\nBio, ses vignes sont travaill\u00e9es sans d\u00e9sherbant, sans engrais et sans produits de synth\u00e8se. Tisanes et calendrier lunaire non loin. Les vendanges sont manuelles, important tri dans les vignes pour des rendements <30 hl. La vinification se veut parcellaire, c\u00e9page par c\u00e9page.<br \/>\r\n<br \/>\r\nLevures indig\u00e8nes, pas de collage, peu de filtrage, dosage mini en souffre.<br \/>\r\n<br \/>\r\nLe r\u00e9sultat est l\u00e0, que ce soit sur ses cuv\u00e9es d'assemblages ou mono c\u00e9page: <span style=\"font-weight:bold\">des vins pr\u00e9cis, d\u00e9licats et \u00e9quilibr\u00e9s.<\/span><br \/>\r\nSans \u00e9carter les autres excellentes cuv\u00e9es:  \"La vigne du facteur\", est un vin sur les fruits rouges aux tanins d\u00e9licats, beaucoup de fruit. \"Les Toiles\", AOC du Duch\u00e9 d'Uz\u00e8s est complexe, aux tannins fins sur des notes de fruits noirs, de cacao, sans lourdeur avec une longueur interminable.<br \/>\r\n<br \/>\r\nEt ce n'est qu'un aper\u00e7u; des p\u00e9pites il y a en a chez ce talentueux vigneron !<br \/>\r\n<br \/>\r\n<span style=\"font-weight:bold\">Distinctions : <\/span><br \/>\r\n- Midi Libre 2022 : Cuv\u00e9e les Toiles 2019 \"un nez envoutant, une attaque croquante et juteuse\"<br \/>\r\n- Guide Hachette 2013 : La vigne du facteur 2010 2*<br \/>\r\n<br \/>\r\n<a href=\"https:\/\/www.facebook.com\/profile.php?id=100010521455660\"><img loading=\"lazy\" decoding=\"async\" class=\"alignleft size-thumbnail wp-image-237\" src=\"http:\/\/vertivinies.fr\/wp-content\/uploads\/2025\/01\/Logo-facebook-rond.jpg\" alt=\"Logo facebook compos\u00e9 de la lettre F blanc dans un carr\u00e9 bleu\" width=\"60\" height=\"60\" \/><\/a> <a href=\"https:\/\/www.instagram.com\/agarrusvinbio\/\"><img loading=\"lazy\" decoding=\"async\" class=\"alignleft size-thumbnail wp-image-237\" src=\"http:\/\/vertivinies.fr\/wp-content\/uploads\/2025\/01\/Logo-instagram-rond.jpg\" alt=\"Logo facebook compos\u00e9 de la lettre F blanc dans un carr\u00e9 bleu\" width=\"60\" height=\"60\" \/><\/a>\r\n        <div class=\"vign_bloc_txt_fin\">\r\n            La p\u00e9pite des C\u00e9vennes\r\n            <br \/>\r\n            <div class=\"vign_bloc_event\"><a href=\"https:\/\/www.facebook.com\/Vertivin-171297996346118\/\"><img loading=\"lazy\" decoding=\"async\" src=\"\/wp-content\/uploads\/facebook-evenement.jpg\" width=\"150\" height=\"49\" alt=\"Tous les \u00e9v\u00e8nements \u00e0 venir\" title=\"Tous les \u00e9v\u00e8nements \u00e0 venir\" \/><\/a><\/div>\r\n        <\/div>\r\n    <\/div>\r\n    <div class=\"vign_lienindex\">\r\n        <span class=\"vign_lienprev\"><a href=http:\/\/vertivinies.fr\/index.php\/vignerons-salon-vertivinies\/dames-sarrasi\/><< Vigneron pr\u00e9c\u00e9dent >><\/a><\/span>  <span class=\"vign_liennext\"><a href=http:\/\/vertivinies.fr\/index.php\/vignerons-salon-vertivinies\/domaine-paul-kubler\/><< Vigneron suivant >><\/a><\/span>\r\n    <\/div>\r\n    <\/span><\/span><\/p>\n","protected":false},"excerpt":{"rendered":"<p>Serge Scherrer<\/p>\n","protected":false},"author":4,"featured_media":1726,"parent":136,"menu_order":0,"comment_status":"closed","ping_status":"closed","template":"","meta":{"_acf_changed":false,"footnotes":""},"categories":[12],"tags":[],"class_list":["post-781","page","type-page","status-publish","has-post-thumbnail","hentry","category-vignerons"],"acf":[],"yoast_head":"<!-- This site is optimized with the Yoast SEO plugin v27.1.1 - https:\/\/yoast.com\/product\/yoast-seo-wordpress\/ -->\n<title>Domaine Agarrus : Les vignerons du salon du vin &quot;Vertivinies&quot; (44)<\/title>\n<meta name=\"description\" content=\"D\u00e9couvrez le domaine Agarrus pr\u00e9sent au salon Vertivinies, salon du vin organis\u00e9 par l&#039;association Vertivin situ\u00e9e \u00e0 Vertou pr\u00e8s de Nantes (44).\" \/>\n<meta name=\"robots\" content=\"index, follow, max-snippet:-1, max-image-preview:large, max-video-preview:-1\" \/>\n<link rel=\"canonical\" href=\"http:\/\/vertivinies.fr\/index.php\/vignerons-salon-vertivinies\/domaine-agarrus\/\" \/>\n<meta property=\"og:locale\" content=\"fr_FR\" \/>\n<meta property=\"og:type\" content=\"article\" \/>\n<meta property=\"og:title\" content=\"Domaine Agarrus : Les vignerons du salon du vin &quot;Vertivinies&quot; (44)\" \/>\n<meta property=\"og:description\" content=\"D\u00e9couvrez le domaine Agarrus pr\u00e9sent au salon Vertivinies, salon du vin organis\u00e9 par l&#039;association Vertivin situ\u00e9e \u00e0 Vertou pr\u00e8s de Nantes (44).\" \/>\n<meta property=\"og:url\" content=\"http:\/\/vertivinies.fr\/index.php\/vignerons-salon-vertivinies\/domaine-agarrus\/\" \/>\n<meta property=\"og:site_name\" content=\"Vertivinies\" \/>\n<meta property=\"article:publisher\" content=\"https:\/\/www.facebook.com\/vertivin\" \/>\n<meta property=\"article:modified_time\" content=\"2026-02-09T16:26:36+00:00\" \/>\n<meta property=\"og:image\" content=\"http:\/\/vertivinies.fr\/wp-content\/uploads\/2025\/01\/Agarrus-scaled.jpg\" \/>\n\t<meta property=\"og:image:width\" content=\"2560\" \/>\n\t<meta property=\"og:image:height\" content=\"1707\" \/>\n\t<meta property=\"og:image:type\" content=\"image\/jpeg\" \/>\n<meta name=\"twitter:card\" content=\"summary_large_image\" \/>\n<meta name=\"twitter:label1\" content=\"Dur\u00e9e de lecture estim\u00e9e\" \/>\n\t<meta name=\"twitter:data1\" content=\"1 minute\" \/>\n<script type=\"application\/ld+json\" class=\"yoast-schema-graph\">{\"@context\":\"https:\/\/schema.org\",\"@graph\":[{\"@type\":\"WebPage\",\"@id\":\"http:\/\/vertivinies.fr\/index.php\/vignerons-salon-vertivinies\/domaine-agarrus\/\",\"url\":\"http:\/\/vertivinies.fr\/index.php\/vignerons-salon-vertivinies\/domaine-agarrus\/\",\"name\":\"Domaine Agarrus : Les vignerons du salon du vin \\\"Vertivinies\\\" (44)\",\"isPartOf\":{\"@id\":\"https:\/\/vertivinies.fr\/#website\"},\"primaryImageOfPage\":{\"@id\":\"http:\/\/vertivinies.fr\/index.php\/vignerons-salon-vertivinies\/domaine-agarrus\/#primaryimage\"},\"image\":{\"@id\":\"http:\/\/vertivinies.fr\/index.php\/vignerons-salon-vertivinies\/domaine-agarrus\/#primaryimage\"},\"thumbnailUrl\":\"http:\/\/vertivinies.fr\/wp-content\/uploads\/2025\/01\/Agarrus-scaled.jpg\",\"datePublished\":\"2019-02-24T20:38:34+00:00\",\"dateModified\":\"2026-02-09T16:26:36+00:00\",\"description\":\"D\u00e9couvrez le domaine Agarrus pr\u00e9sent au salon Vertivinies, salon du vin organis\u00e9 par l'association Vertivin situ\u00e9e \u00e0 Vertou pr\u00e8s de Nantes (44).\",\"breadcrumb\":{\"@id\":\"http:\/\/vertivinies.fr\/index.php\/vignerons-salon-vertivinies\/domaine-agarrus\/#breadcrumb\"},\"inLanguage\":\"fr-FR\",\"potentialAction\":[{\"@type\":\"ReadAction\",\"target\":[\"http:\/\/vertivinies.fr\/index.php\/vignerons-salon-vertivinies\/domaine-agarrus\/\"]}]},{\"@type\":\"ImageObject\",\"inLanguage\":\"fr-FR\",\"@id\":\"http:\/\/vertivinies.fr\/index.php\/vignerons-salon-vertivinies\/domaine-agarrus\/#primaryimage\",\"url\":\"http:\/\/vertivinies.fr\/wp-content\/uploads\/2025\/01\/Agarrus-scaled.jpg\",\"contentUrl\":\"http:\/\/vertivinies.fr\/wp-content\/uploads\/2025\/01\/Agarrus-scaled.jpg\",\"width\":2560,\"height\":1707},{\"@type\":\"BreadcrumbList\",\"@id\":\"http:\/\/vertivinies.fr\/index.php\/vignerons-salon-vertivinies\/domaine-agarrus\/#breadcrumb\",\"itemListElement\":[{\"@type\":\"ListItem\",\"position\":1,\"name\":\"Accueil\",\"item\":\"https:\/\/vertivinies.fr\/\"},{\"@type\":\"ListItem\",\"position\":2,\"name\":\"Les vignerons pr\u00e9sents lors du salon Vertivinies 2026\",\"item\":\"https:\/\/vertivinies.fr\/index.php\/vignerons-salon-vertivinies\/\"},{\"@type\":\"ListItem\",\"position\":3,\"name\":\"Domaine Agarrus\"}]},{\"@type\":\"WebSite\",\"@id\":\"https:\/\/vertivinies.fr\/#website\",\"url\":\"https:\/\/vertivinies.fr\/\",\"name\":\"Vertivinies\",\"description\":\"\",\"potentialAction\":[{\"@type\":\"SearchAction\",\"target\":{\"@type\":\"EntryPoint\",\"urlTemplate\":\"https:\/\/vertivinies.fr\/?s={search_term_string}\"},\"query-input\":{\"@type\":\"PropertyValueSpecification\",\"valueRequired\":true,\"valueName\":\"search_term_string\"}}],\"inLanguage\":\"fr-FR\"}]}<\/script>\n<!-- \/ Yoast SEO plugin. -->","yoast_head_json":{"title":"Domaine Agarrus : Les vignerons du salon du vin \"Vertivinies\" (44)","description":"D\u00e9couvrez le domaine Agarrus pr\u00e9sent au salon Vertivinies, salon du vin organis\u00e9 par l'association Vertivin situ\u00e9e \u00e0 Vertou pr\u00e8s de Nantes (44).","robots":{"index":"index","follow":"follow","max-snippet":"max-snippet:-1","max-image-preview":"max-image-preview:large","max-video-preview":"max-video-preview:-1"},"canonical":"http:\/\/vertivinies.fr\/index.php\/vignerons-salon-vertivinies\/domaine-agarrus\/","og_locale":"fr_FR","og_type":"article","og_title":"Domaine Agarrus : Les vignerons du salon du vin \"Vertivinies\" (44)","og_description":"D\u00e9couvrez le domaine Agarrus pr\u00e9sent au salon Vertivinies, salon du vin organis\u00e9 par l'association Vertivin situ\u00e9e \u00e0 Vertou pr\u00e8s de Nantes (44).","og_url":"http:\/\/vertivinies.fr\/index.php\/vignerons-salon-vertivinies\/domaine-agarrus\/","og_site_name":"Vertivinies","article_publisher":"https:\/\/www.facebook.com\/vertivin","article_modified_time":"2026-02-09T16:26:36+00:00","og_image":[{"width":2560,"height":1707,"url":"http:\/\/vertivinies.fr\/wp-content\/uploads\/2025\/01\/Agarrus-scaled.jpg","type":"image\/jpeg"}],"twitter_card":"summary_large_image","twitter_misc":{"Dur\u00e9e de lecture estim\u00e9e":"1 minute"},"schema":{"@context":"https:\/\/schema.org","@graph":[{"@type":"WebPage","@id":"http:\/\/vertivinies.fr\/index.php\/vignerons-salon-vertivinies\/domaine-agarrus\/","url":"http:\/\/vertivinies.fr\/index.php\/vignerons-salon-vertivinies\/domaine-agarrus\/","name":"Domaine Agarrus : Les vignerons du salon du vin \"Vertivinies\" (44)","isPartOf":{"@id":"https:\/\/vertivinies.fr\/#website"},"primaryImageOfPage":{"@id":"http:\/\/vertivinies.fr\/index.php\/vignerons-salon-vertivinies\/domaine-agarrus\/#primaryimage"},"image":{"@id":"http:\/\/vertivinies.fr\/index.php\/vignerons-salon-vertivinies\/domaine-agarrus\/#primaryimage"},"thumbnailUrl":"http:\/\/vertivinies.fr\/wp-content\/uploads\/2025\/01\/Agarrus-scaled.jpg","datePublished":"2019-02-24T20:38:34+00:00","dateModified":"2026-02-09T16:26:36+00:00","description":"D\u00e9couvrez le domaine Agarrus pr\u00e9sent au salon Vertivinies, salon du vin organis\u00e9 par l'association Vertivin situ\u00e9e \u00e0 Vertou pr\u00e8s de Nantes (44).","breadcrumb":{"@id":"http:\/\/vertivinies.fr\/index.php\/vignerons-salon-vertivinies\/domaine-agarrus\/#breadcrumb"},"inLanguage":"fr-FR","potentialAction":[{"@type":"ReadAction","target":["http:\/\/vertivinies.fr\/index.php\/vignerons-salon-vertivinies\/domaine-agarrus\/"]}]},{"@type":"ImageObject","inLanguage":"fr-FR","@id":"http:\/\/vertivinies.fr\/index.php\/vignerons-salon-vertivinies\/domaine-agarrus\/#primaryimage","url":"http:\/\/vertivinies.fr\/wp-content\/uploads\/2025\/01\/Agarrus-scaled.jpg","contentUrl":"http:\/\/vertivinies.fr\/wp-content\/uploads\/2025\/01\/Agarrus-scaled.jpg","width":2560,"height":1707},{"@type":"BreadcrumbList","@id":"http:\/\/vertivinies.fr\/index.php\/vignerons-salon-vertivinies\/domaine-agarrus\/#breadcrumb","itemListElement":[{"@type":"ListItem","position":1,"name":"Accueil","item":"https:\/\/vertivinies.fr\/"},{"@type":"ListItem","position":2,"name":"Les vignerons pr\u00e9sents lors du salon Vertivinies 2026","item":"https:\/\/vertivinies.fr\/index.php\/vignerons-salon-vertivinies\/"},{"@type":"ListItem","position":3,"name":"Domaine Agarrus"}]},{"@type":"WebSite","@id":"https:\/\/vertivinies.fr\/#website","url":"https:\/\/vertivinies.fr\/","name":"Vertivinies","description":"","potentialAction":[{"@type":"SearchAction","target":{"@type":"EntryPoint","urlTemplate":"https:\/\/vertivinies.fr\/?s={search_term_string}"},"query-input":{"@type":"PropertyValueSpecification","valueRequired":true,"valueName":"search_term_string"}}],"inLanguage":"fr-FR"}]}},"_links":{"self":[{"href":"http:\/\/vertivinies.fr\/index.php\/wp-json\/wp\/v2\/pages\/781","targetHints":{"allow":["GET"]}}],"collection":[{"href":"http:\/\/vertivinies.fr\/index.php\/wp-json\/wp\/v2\/pages"}],"about":[{"href":"http:\/\/vertivinies.fr\/index.php\/wp-json\/wp\/v2\/types\/page"}],"author":[{"embeddable":true,"href":"http:\/\/vertivinies.fr\/index.php\/wp-json\/wp\/v2\/users\/4"}],"replies":[{"embeddable":true,"href":"http:\/\/vertivinies.fr\/index.php\/wp-json\/wp\/v2\/comments?post=781"}],"version-history":[{"count":18,"href":"http:\/\/vertivinies.fr\/index.php\/wp-json\/wp\/v2\/pages\/781\/revisions"}],"predecessor-version":[{"id":2259,"href":"http:\/\/vertivinies.fr\/index.php\/wp-json\/wp\/v2\/pages\/781\/revisions\/2259"}],"up":[{"embeddable":true,"href":"http:\/\/vertivinies.fr\/index.php\/wp-json\/wp\/v2\/pages\/136"}],"wp:featuredmedia":[{"embeddable":true,"href":"http:\/\/vertivinies.fr\/index.php\/wp-json\/wp\/v2\/media\/1726"}],"wp:attachment":[{"href":"http:\/\/vertivinies.fr\/index.php\/wp-json\/wp\/v2\/media?parent=781"}],"wp:term":[{"taxonomy":"category","embeddable":true,"href":"http:\/\/vertivinies.fr\/index.php\/wp-json\/wp\/v2\/categories?post=781"},{"taxonomy":"post_tag","embeddable":true,"href":"http:\/\/vertivinies.fr\/index.php\/wp-json\/wp\/v2\/tags?post=781"}],"curies":[{"name":"wp","href":"https:\/\/api.w.org\/{rel}","templated":true}]}}