{"id":26,"date":"2016-03-16T19:54:39","date_gmt":"2016-03-16T18:54:39","guid":{"rendered":"http:\/\/vertivinies.fr\/?page_id=26"},"modified":"2026-02-15T18:35:06","modified_gmt":"2026-02-15T17:35:06","slug":"animations-vertivinies-salon-viticole-vertou-nantes","status":"publish","type":"page","link":"https:\/\/vertivinies.fr\/index.php\/animations-vertivinies-salon-viticole-vertou-nantes\/","title":{"rendered":"Animations et restauration lors du salon"},"content":{"rendered":"<h2 style=\"text-align: justify;\"><span style=\"color: #ff0000;\"><strong><span style=\"vertical-align: inherit;\"><span style=\"vertical-align: inherit;\">Le programme des animations :<\/span><\/span><\/strong><\/span><\/h2>\n<p>&nbsp;<\/p>\n<p><strong>Samedi 21 mars 2026 :\u00a0<\/strong><\/p>\n<ul>\n<li><span style=\"vertical-align: inherit;\">11h30 : Association vins et fromage avec le Bar au Fromage de Vertou (2\u20ac)<\/span><\/li>\n<li><span style=\"vertical-align: inherit;\">14h30 : Initiation \u00e0 la d\u00e9gustation (2\u20ac)<\/span><\/li>\n<li><span style=\"vertical-align: inherit;\">16h00 : Conf\u00e9rence &#8220;Vigneronnes du Muscadet&#8221; avec Alessandra Fottorino. Guests : les vigneronnes Louise Chereau, Mathilde Chatellier et Anne Luneau<\/span><\/li>\n<li><span style=\"vertical-align: inherit;\">\u00a017h00 : D\u00e9dicace du livre d&#8217;Alessandra Fottorino &#8220;In Vino Femina&#8221;<br \/>\n<\/span><\/li>\n<\/ul>\n<p><strong>Dimanche 22 mars 2026 : <\/strong><\/p>\n<ul>\n<li><span style=\"vertical-align: inherit;\">11h00\u00a0 : D\u00e9gustation d&#8217;hu\u00eetres.<\/span><\/li>\n<li><span style=\"vertical-align: inherit;\">\u00a011h30 : Association vins et fromage avec le Bar au Fromage de Vertou (2\u20ac)<\/span><\/li>\n<li><span style=\"vertical-align: inherit;\">14h00 : Initiation \u00e0 la d\u00e9gustation (2\u20ac)<\/span><\/li>\n<li><span style=\"vertical-align: inherit;\">16h00 : Accords mets et vins avec la P\u00e2tisserie Pasco de Vertou (2\u20ac)<\/span><\/li>\n<\/ul>\n<p>Une modeste participation de 2\u20ac est demand\u00e9e dans les ateliers avec d\u00e9gustation pour participation aux frais. L&#8217;inscription s&#8217;effectue sur place : pas de pr\u00e9-inscriptions.<\/p>\n<h2><strong style=\"font-weight: bold !important; text-align: justify;\"><span style=\"vertical-align: inherit;\"><span style=\"vertical-align: inherit;\"><img loading=\"lazy\" decoding=\"async\" class=\"aligncenter wp-image-1920 size-medium\" src=\"http:\/\/vertivinies.fr\/wp-content\/uploads\/2025\/01\/DSC_0053-300x200.jpg\" alt=\"\" width=\"300\" height=\"200\" srcset=\"https:\/\/vertivinies.fr\/wp-content\/uploads\/2025\/01\/DSC_0053-300x200.jpg 300w, https:\/\/vertivinies.fr\/wp-content\/uploads\/2025\/01\/DSC_0053-1024x683.jpg 1024w, https:\/\/vertivinies.fr\/wp-content\/uploads\/2025\/01\/DSC_0053-768x512.jpg 768w, https:\/\/vertivinies.fr\/wp-content\/uploads\/2025\/01\/DSC_0053-1536x1024.jpg 1536w, https:\/\/vertivinies.fr\/wp-content\/uploads\/2025\/01\/DSC_0053-2048x1365.jpg 2048w\" sizes=\"auto, (max-width: 300px) 100vw, 300px\" \/><\/span><\/span><\/strong><\/h2>\n<h2 style=\"text-align: justify;\"><span style=\"color: #ff0000;\"><strong><span style=\"vertical-align: inherit;\"><span style=\"vertical-align: inherit;\">Restauration:<\/span><\/span><\/strong><\/span><\/h2>\n<p>Cette ann\u00e9e, une offre de restauration vous sera propos\u00e9e :<\/p>\n<p>Le food-truck &#8220;La Fou\u00e9e&#8221; de Pont-Saint-Martin vous proposera son offre de fou\u00e9es sal\u00e9es ou sucr\u00e9es.<\/p>\n<p><img loading=\"lazy\" decoding=\"async\" class=\"alignnone size-medium wp-image-2180\" src=\"http:\/\/vertivinies.fr\/wp-content\/uploads\/2026\/02\/499789181_730851172941806_4032049601330748688_n-e1769980974550-300x206.jpg\" alt=\"\" width=\"300\" height=\"206\" srcset=\"https:\/\/vertivinies.fr\/wp-content\/uploads\/2026\/02\/499789181_730851172941806_4032049601330748688_n-e1769980974550-300x206.jpg 300w, https:\/\/vertivinies.fr\/wp-content\/uploads\/2026\/02\/499789181_730851172941806_4032049601330748688_n-e1769980974550-768x528.jpg 768w, https:\/\/vertivinies.fr\/wp-content\/uploads\/2026\/02\/499789181_730851172941806_4032049601330748688_n-e1769980974550.jpg 800w\" sizes=\"auto, (max-width: 300px) 100vw, 300px\" \/><\/p>\n<p>&nbsp;<\/p>\n","protected":false},"excerpt":{"rendered":"<p>Le programme des animations : &nbsp; Samedi 21 mars 2026 :\u00a0 11h30 : Association vins et fromage avec le Bar au Fromage de Vertou (2\u20ac) 14h30 : Initiation \u00e0 la d\u00e9gustation (2\u20ac) 16h00 : Conf\u00e9rence &#8220;Vigneronnes du Muscadet&#8221; avec Alessandra Fottorino. Guests : les vigneronnes Louise Chereau, Mathilde Chatellier et Anne Luneau \u00a017h00 : D\u00e9dicace [&hellip;]<\/p>\n","protected":false},"author":1,"featured_media":0,"parent":0,"menu_order":0,"comment_status":"closed","ping_status":"closed","template":"","meta":{"_acf_changed":false,"footnotes":""},"categories":[],"tags":[],"class_list":["post-26","page","type-page","status-publish","hentry"],"acf":[],"yoast_head":"<!-- This site is optimized with the Yoast SEO plugin v27.1.1 - https:\/\/yoast.com\/product\/yoast-seo-wordpress\/ -->\n<title>Animations &quot;Vertivinies&quot; : salon viticole \u00e0 Vertou pr\u00e8s de Nantes (44)<\/title>\n<meta name=\"description\" content=\"Venez d\u00e9couvrir les diff\u00e9rentes animations pr\u00e9par\u00e9es pour la 4\u00e8me \u00e9dition salon des Vertivinies. Celui-ci organis\u00e9 par l&#039;association Vertivin \u00e0 Vertou.\" \/>\n<meta name=\"robots\" content=\"index, follow, max-snippet:-1, max-image-preview:large, max-video-preview:-1\" \/>\n<link rel=\"canonical\" href=\"https:\/\/vertivinies.fr\/index.php\/animations-vertivinies-salon-viticole-vertou-nantes\/\" \/>\n<meta property=\"og:locale\" content=\"fr_FR\" \/>\n<meta property=\"og:type\" content=\"article\" \/>\n<meta property=\"og:title\" content=\"Animations &quot;Vertivinies&quot; : salon viticole \u00e0 Vertou pr\u00e8s de Nantes (44)\" \/>\n<meta property=\"og:description\" content=\"Venez d\u00e9couvrir les diff\u00e9rentes animations pr\u00e9par\u00e9es pour la 4\u00e8me \u00e9dition salon des Vertivinies. Celui-ci organis\u00e9 par l&#039;association Vertivin \u00e0 Vertou.\" \/>\n<meta property=\"og:url\" content=\"https:\/\/vertivinies.fr\/index.php\/animations-vertivinies-salon-viticole-vertou-nantes\/\" \/>\n<meta property=\"og:site_name\" content=\"Vertivinies\" \/>\n<meta property=\"article:publisher\" content=\"https:\/\/www.facebook.com\/vertivin\" \/>\n<meta property=\"article:modified_time\" content=\"2026-02-15T17:35:06+00:00\" \/>\n<meta property=\"og:image\" content=\"http:\/\/vertivinies.fr\/wp-content\/uploads\/2025\/01\/DSC_0053-300x200.jpg\" \/>\n<meta name=\"twitter:card\" content=\"summary_large_image\" \/>\n<meta name=\"twitter:label1\" content=\"Dur\u00e9e de lecture estim\u00e9e\" \/>\n\t<meta name=\"twitter:data1\" content=\"2 minutes\" \/>\n<script type=\"application\/ld+json\" class=\"yoast-schema-graph\">{\"@context\":\"https:\/\/schema.org\",\"@graph\":[{\"@type\":\"WebPage\",\"@id\":\"https:\/\/vertivinies.fr\/index.php\/animations-vertivinies-salon-viticole-vertou-nantes\/\",\"url\":\"https:\/\/vertivinies.fr\/index.php\/animations-vertivinies-salon-viticole-vertou-nantes\/\",\"name\":\"Animations \\\"Vertivinies\\\" : salon viticole \u00e0 Vertou pr\u00e8s de Nantes (44)\",\"isPartOf\":{\"@id\":\"http:\/\/vertivinies.fr\/#website\"},\"primaryImageOfPage\":{\"@id\":\"https:\/\/vertivinies.fr\/index.php\/animations-vertivinies-salon-viticole-vertou-nantes\/#primaryimage\"},\"image\":{\"@id\":\"https:\/\/vertivinies.fr\/index.php\/animations-vertivinies-salon-viticole-vertou-nantes\/#primaryimage\"},\"thumbnailUrl\":\"http:\/\/vertivinies.fr\/wp-content\/uploads\/2025\/01\/DSC_0053-300x200.jpg\",\"datePublished\":\"2016-03-16T18:54:39+00:00\",\"dateModified\":\"2026-02-15T17:35:06+00:00\",\"description\":\"Venez d\u00e9couvrir les diff\u00e9rentes animations pr\u00e9par\u00e9es pour la 4\u00e8me \u00e9dition salon des Vertivinies. Celui-ci organis\u00e9 par l'association Vertivin \u00e0 Vertou.\",\"breadcrumb\":{\"@id\":\"https:\/\/vertivinies.fr\/index.php\/animations-vertivinies-salon-viticole-vertou-nantes\/#breadcrumb\"},\"inLanguage\":\"fr-FR\",\"potentialAction\":[{\"@type\":\"ReadAction\",\"target\":[\"https:\/\/vertivinies.fr\/index.php\/animations-vertivinies-salon-viticole-vertou-nantes\/\"]}]},{\"@type\":\"ImageObject\",\"inLanguage\":\"fr-FR\",\"@id\":\"https:\/\/vertivinies.fr\/index.php\/animations-vertivinies-salon-viticole-vertou-nantes\/#primaryimage\",\"url\":\"http:\/\/vertivinies.fr\/wp-content\/uploads\/2025\/01\/DSC_0053-300x200.jpg\",\"contentUrl\":\"http:\/\/vertivinies.fr\/wp-content\/uploads\/2025\/01\/DSC_0053-300x200.jpg\"},{\"@type\":\"BreadcrumbList\",\"@id\":\"https:\/\/vertivinies.fr\/index.php\/animations-vertivinies-salon-viticole-vertou-nantes\/#breadcrumb\",\"itemListElement\":[{\"@type\":\"ListItem\",\"position\":1,\"name\":\"Accueil\",\"item\":\"https:\/\/vertivinies.fr\/\"},{\"@type\":\"ListItem\",\"position\":2,\"name\":\"Animations et restauration lors du salon\"}]},{\"@type\":\"WebSite\",\"@id\":\"http:\/\/vertivinies.fr\/#website\",\"url\":\"http:\/\/vertivinies.fr\/\",\"name\":\"Vertivinies\",\"description\":\"\",\"potentialAction\":[{\"@type\":\"SearchAction\",\"target\":{\"@type\":\"EntryPoint\",\"urlTemplate\":\"http:\/\/vertivinies.fr\/?s={search_term_string}\"},\"query-input\":{\"@type\":\"PropertyValueSpecification\",\"valueRequired\":true,\"valueName\":\"search_term_string\"}}],\"inLanguage\":\"fr-FR\"}]}<\/script>\n<!-- \/ Yoast SEO plugin. -->","yoast_head_json":{"title":"Animations \"Vertivinies\" : salon viticole \u00e0 Vertou pr\u00e8s de Nantes (44)","description":"Venez d\u00e9couvrir les diff\u00e9rentes animations pr\u00e9par\u00e9es pour la 4\u00e8me \u00e9dition salon des Vertivinies. Celui-ci organis\u00e9 par l'association Vertivin \u00e0 Vertou.","robots":{"index":"index","follow":"follow","max-snippet":"max-snippet:-1","max-image-preview":"max-image-preview:large","max-video-preview":"max-video-preview:-1"},"canonical":"https:\/\/vertivinies.fr\/index.php\/animations-vertivinies-salon-viticole-vertou-nantes\/","og_locale":"fr_FR","og_type":"article","og_title":"Animations \"Vertivinies\" : salon viticole \u00e0 Vertou pr\u00e8s de Nantes (44)","og_description":"Venez d\u00e9couvrir les diff\u00e9rentes animations pr\u00e9par\u00e9es pour la 4\u00e8me \u00e9dition salon des Vertivinies. Celui-ci organis\u00e9 par l'association Vertivin \u00e0 Vertou.","og_url":"https:\/\/vertivinies.fr\/index.php\/animations-vertivinies-salon-viticole-vertou-nantes\/","og_site_name":"Vertivinies","article_publisher":"https:\/\/www.facebook.com\/vertivin","article_modified_time":"2026-02-15T17:35:06+00:00","og_image":[{"url":"http:\/\/vertivinies.fr\/wp-content\/uploads\/2025\/01\/DSC_0053-300x200.jpg","type":"","width":"","height":""}],"twitter_card":"summary_large_image","twitter_misc":{"Dur\u00e9e de lecture estim\u00e9e":"2 minutes"},"schema":{"@context":"https:\/\/schema.org","@graph":[{"@type":"WebPage","@id":"https:\/\/vertivinies.fr\/index.php\/animations-vertivinies-salon-viticole-vertou-nantes\/","url":"https:\/\/vertivinies.fr\/index.php\/animations-vertivinies-salon-viticole-vertou-nantes\/","name":"Animations \"Vertivinies\" : salon viticole \u00e0 Vertou pr\u00e8s de Nantes (44)","isPartOf":{"@id":"http:\/\/vertivinies.fr\/#website"},"primaryImageOfPage":{"@id":"https:\/\/vertivinies.fr\/index.php\/animations-vertivinies-salon-viticole-vertou-nantes\/#primaryimage"},"image":{"@id":"https:\/\/vertivinies.fr\/index.php\/animations-vertivinies-salon-viticole-vertou-nantes\/#primaryimage"},"thumbnailUrl":"http:\/\/vertivinies.fr\/wp-content\/uploads\/2025\/01\/DSC_0053-300x200.jpg","datePublished":"2016-03-16T18:54:39+00:00","dateModified":"2026-02-15T17:35:06+00:00","description":"Venez d\u00e9couvrir les diff\u00e9rentes animations pr\u00e9par\u00e9es pour la 4\u00e8me \u00e9dition salon des Vertivinies. Celui-ci organis\u00e9 par l'association Vertivin \u00e0 Vertou.","breadcrumb":{"@id":"https:\/\/vertivinies.fr\/index.php\/animations-vertivinies-salon-viticole-vertou-nantes\/#breadcrumb"},"inLanguage":"fr-FR","potentialAction":[{"@type":"ReadAction","target":["https:\/\/vertivinies.fr\/index.php\/animations-vertivinies-salon-viticole-vertou-nantes\/"]}]},{"@type":"ImageObject","inLanguage":"fr-FR","@id":"https:\/\/vertivinies.fr\/index.php\/animations-vertivinies-salon-viticole-vertou-nantes\/#primaryimage","url":"http:\/\/vertivinies.fr\/wp-content\/uploads\/2025\/01\/DSC_0053-300x200.jpg","contentUrl":"http:\/\/vertivinies.fr\/wp-content\/uploads\/2025\/01\/DSC_0053-300x200.jpg"},{"@type":"BreadcrumbList","@id":"https:\/\/vertivinies.fr\/index.php\/animations-vertivinies-salon-viticole-vertou-nantes\/#breadcrumb","itemListElement":[{"@type":"ListItem","position":1,"name":"Accueil","item":"https:\/\/vertivinies.fr\/"},{"@type":"ListItem","position":2,"name":"Animations et restauration lors du salon"}]},{"@type":"WebSite","@id":"http:\/\/vertivinies.fr\/#website","url":"http:\/\/vertivinies.fr\/","name":"Vertivinies","description":"","potentialAction":[{"@type":"SearchAction","target":{"@type":"EntryPoint","urlTemplate":"http:\/\/vertivinies.fr\/?s={search_term_string}"},"query-input":{"@type":"PropertyValueSpecification","valueRequired":true,"valueName":"search_term_string"}}],"inLanguage":"fr-FR"}]}},"_links":{"self":[{"href":"https:\/\/vertivinies.fr\/index.php\/wp-json\/wp\/v2\/pages\/26","targetHints":{"allow":["GET"]}}],"collection":[{"href":"https:\/\/vertivinies.fr\/index.php\/wp-json\/wp\/v2\/pages"}],"about":[{"href":"https:\/\/vertivinies.fr\/index.php\/wp-json\/wp\/v2\/types\/page"}],"author":[{"embeddable":true,"href":"https:\/\/vertivinies.fr\/index.php\/wp-json\/wp\/v2\/users\/1"}],"replies":[{"embeddable":true,"href":"https:\/\/vertivinies.fr\/index.php\/wp-json\/wp\/v2\/comments?post=26"}],"version-history":[{"count":89,"href":"https:\/\/vertivinies.fr\/index.php\/wp-json\/wp\/v2\/pages\/26\/revisions"}],"predecessor-version":[{"id":2289,"href":"https:\/\/vertivinies.fr\/index.php\/wp-json\/wp\/v2\/pages\/26\/revisions\/2289"}],"wp:attachment":[{"href":"https:\/\/vertivinies.fr\/index.php\/wp-json\/wp\/v2\/media?parent=26"}],"wp:term":[{"taxonomy":"category","embeddable":true,"href":"https:\/\/vertivinies.fr\/index.php\/wp-json\/wp\/v2\/categories?post=26"},{"taxonomy":"post_tag","embeddable":true,"href":"https:\/\/vertivinies.fr\/index.php\/wp-json\/wp\/v2\/tags?post=26"}],"curies":[{"name":"wp","href":"https:\/\/api.w.org\/{rel}","templated":true}]}}