{"id":609,"date":"2018-02-05T12:32:08","date_gmt":"2018-02-05T11:32:08","guid":{"rendered":"http:\/\/vertivinies.fr\/?page_id=609"},"modified":"2026-02-04T18:17:13","modified_gmt":"2026-02-04T17:17:13","slug":"domaine-jacquet","status":"publish","type":"page","link":"https:\/\/vertivinies.fr\/index.php\/vignerons-salon-vertivinies\/domaine-jacquet\/","title":{"rendered":"Domaine C\u00e9line Jacquet"},"content":{"rendered":"<p><span class=\"vign_thumb_txt\"><span style=\"vertical-align: inherit;\"><span style=\"vertical-align: inherit;\">C\u00e9line Jacquet<\/span><\/span><\/span><!--more--><span style=\"vertical-align: inherit;\"><span style=\"vertical-align: inherit;\"> \r\n    <div class=\"vign_big_bloc\">\r\n        <div class=\"vign_ss_titre\">C\u00e9line Jacquet<\/div>\r\n        <div class=\"vign_bloc_img\">\r\n            <img loading=\"lazy\" decoding=\"async\" src=\"http:\/\/vertivinies.fr\/wp-content\/uploads\/2025\/01\/Celine-Jacquet-1-scaled.jpg\" alt=\"\" title=\"\" width=\"578\" height=\"385\" \/>\r\n        <\/div>\r\n\r\n        <div class=\"vign_bloc_param\">\r\n            <p class=\"vign_params\">\r\n                <span class=\"vign_param_titre\">Appellations<\/span><br \/>\r\n                Jacqu\u00e8re Chignin<br \/>\r\nRoussette de Savoie<br \/>\r\nChignin Bergeron<br \/>\r\nRos\u00e9 de Savoie<br \/>\r\nMondeuse Saint Jean de la Porte<br \/>\r\nMondeuse Arbin\r\n                <br \/>\r\n                <span class=\"vign_param_titre\">C\u00e9pages<\/span><br \/>\r\n                Jacqu\u00e8res; Altesse, Roussane, Mondeuse\r\n                <br \/>\r\n                <span class=\"vign_param_titre\">Superficie<\/span><br \/>\r\n                4h en Savoie autour d'Arbin\r\n                <br \/>\r\n                <span class=\"vign_param_titre\">Culture<\/span><br \/>\r\n                Culture raisonn\u00e9e HVE\r\n                <br \/>\r\n                <span class=\"vign_param_titre\">R\u00e9compenses et Mentions<\/span><br \/>\r\n                Bettane et Desseauve 2023 ; Le Figaro Vins\r\n            <\/p>\r\n        <\/div>\r\n    <\/div>\r\n\r\n    <div class=\"vign_bloc_txt\">\r\n        <span style=\"font-size: 24px; color: #b70505;font-weight:bold\">PRESENTATION<\/span><br \/>\r\n<br \/>\r\nC\u00e9line Jacquet exploite un petit domaine n\u00e9 en 2011 de quelques hectares accroch\u00e9s aux pentes des Bauges savoyardes.  Le domaine s'\u00e9tend sur des pentes de montagne qui interdit souvent le passage en tracteur.<br \/>\r\n<br \/>\r\nDe ce vignoble rigoureux, C\u00e9line extrait<br \/>\r\n- plusieurs cuv\u00e9es de Mondeuse au <span style=\"font-weight:bold\">fruit\u00e9 impeccable, de parfaite maturit\u00e9, dot\u00e9e d'une finale poivr\u00e9e du plus bel effet<\/span>, les ann\u00e9es ensoleill\u00e9es y apportent un surcro\u00eet de chair et de finesse.<br \/>\r\n- une Jacqu\u00e8re \"la surprise de Marc\" fraiche et droite qui fera merveille avec votre prochain fish & chips.<br \/>\r\n- un Chignin-Bergeron fruit\u00e9 <br \/>\r\n- ou encore une Altesse qui selon les ann\u00e9es peut \u00eatre une des plus belles de Savoie.<br \/>\r\n<br \/>\r\n<span style=\"font-weight:bold\">Distinctions : <\/span><br \/>\r\n- Bettane et Desseauve 2023 : Cuv\u00e9e Mes A\u00efeux 2018 : 88\/100.  <br \/>\r\n- Le Figaro Vins fev. 2022 \"la mondeuse ascendant Hermitage de C\u00e9line Jacquet\"<br \/>\r\n<br \/>\r\n<a href=\" https:\/\/www.facebook.com\/profile.php?id=100064331336276\"><img loading=\"lazy\" decoding=\"async\" class=\"alignleft size-thumbnail wp-image-237\" src=\"http:\/\/vertivinies.fr\/wp-content\/uploads\/2025\/01\/Logo-facebook-rond.jpg\" alt=\"Logo facebook compos\u00e9 de la lettre F blanc dans un carr\u00e9 bleu\" width=\"60\" height=\"60\" \/><\/a> <a href=\" https:\/\/www.instagram.com\/celinejacquet8\/\"><img loading=\"lazy\" decoding=\"async\" class=\"alignleft size-thumbnail wp-image-237\" src=\"http:\/\/vertivinies.fr\/wp-content\/uploads\/2025\/01\/Logo-instagram-rond.jpg\" alt=\"Logo facebook compos\u00e9 de la lettre F blanc dans un carr\u00e9 bleu\" width=\"60\" height=\"60\" \/><\/a><br \/>\r\n\r\n        <div class=\"vign_bloc_txt_fin\">\r\n            \"Avec les vins de Savoie de C\u00e9line, le fruit est \u00e9clatant, les vins sont gourmands, avec une tension optimale\"\r\n            <br \/>\r\n            <div class=\"vign_bloc_event\"><a href=\"https:\/\/www.facebook.com\/Vertivin-171297996346118\/\"><img loading=\"lazy\" decoding=\"async\" src=\"\/wp-content\/uploads\/facebook-evenement.jpg\" width=\"150\" height=\"49\" alt=\"Tous les \u00e9v\u00e8nements \u00e0 venir\" title=\"Tous les \u00e9v\u00e8nements \u00e0 venir\" \/><\/a><\/div>\r\n        <\/div>\r\n    <\/div>\r\n    <div class=\"vign_lienindex\">\r\n        <span class=\"vign_lienprev\"><a href=https:\/\/vertivinies.fr\/index.php\/vignerons-salon-vertivinies\/domaine-des-terres-docres\/><< Vigneron pr\u00e9c\u00e9dent >><\/a><\/span>  <span class=\"vign_liennext\"><a href=https:\/\/vertivinies.fr\/index.php\/vignerons-salon-vertivinies\/domaine-des-capreoles\/><< Vigneron suivant >><\/a><\/span>\r\n    <\/div>\r\n    <\/span><\/span><\/p>\n","protected":false},"excerpt":{"rendered":"<p>C\u00e9line Jacquet<\/p>\n","protected":false},"author":1,"featured_media":1982,"parent":136,"menu_order":0,"comment_status":"closed","ping_status":"closed","template":"","meta":{"_acf_changed":false,"footnotes":""},"categories":[12],"tags":[],"class_list":["post-609","page","type-page","status-publish","has-post-thumbnail","hentry","category-vignerons"],"acf":[],"yoast_head":"<!-- This site is optimized with the Yoast SEO plugin v27.1.1 - https:\/\/yoast.com\/product\/yoast-seo-wordpress\/ -->\n<title>Domaine Jacquet : Salon du vin Vertivinies (44)<\/title>\n<meta name=\"description\" content=\"D\u00e9couvrez le domaine Jacquet pr\u00e9sent au salon Vertivinies, salon du vin organis\u00e9 par l&#039;association Vertivin situ\u00e9e \u00e0 Vertou pr\u00e8s de Nantes (44).\" \/>\n<meta name=\"robots\" content=\"index, follow, max-snippet:-1, max-image-preview:large, max-video-preview:-1\" \/>\n<link rel=\"canonical\" href=\"https:\/\/vertivinies.fr\/index.php\/vignerons-salon-vertivinies\/domaine-jacquet\/\" \/>\n<meta property=\"og:locale\" content=\"fr_FR\" \/>\n<meta property=\"og:type\" content=\"article\" \/>\n<meta property=\"og:title\" content=\"Domaine Jacquet : Salon du vin Vertivinies (44)\" \/>\n<meta property=\"og:description\" content=\"D\u00e9couvrez le domaine Jacquet pr\u00e9sent au salon Vertivinies, salon du vin organis\u00e9 par l&#039;association Vertivin situ\u00e9e \u00e0 Vertou pr\u00e8s de Nantes (44).\" \/>\n<meta property=\"og:url\" content=\"https:\/\/vertivinies.fr\/index.php\/vignerons-salon-vertivinies\/domaine-jacquet\/\" \/>\n<meta property=\"og:site_name\" content=\"Vertivinies\" \/>\n<meta property=\"article:publisher\" content=\"https:\/\/www.facebook.com\/vertivin\" \/>\n<meta property=\"article:modified_time\" content=\"2026-02-04T17:17:13+00:00\" \/>\n<meta property=\"og:image\" content=\"https:\/\/vertivinies.fr\/wp-content\/uploads\/2025\/01\/Celine-Jacquet-1-scaled.jpg\" \/>\n\t<meta property=\"og:image:width\" content=\"2560\" \/>\n\t<meta property=\"og:image:height\" content=\"1919\" \/>\n\t<meta property=\"og:image:type\" content=\"image\/jpeg\" \/>\n<meta name=\"twitter:card\" content=\"summary_large_image\" \/>\n<meta name=\"twitter:label1\" content=\"Dur\u00e9e de lecture estim\u00e9e\" \/>\n\t<meta name=\"twitter:data1\" content=\"1 minute\" \/>\n<script type=\"application\/ld+json\" class=\"yoast-schema-graph\">{\"@context\":\"https:\/\/schema.org\",\"@graph\":[{\"@type\":\"WebPage\",\"@id\":\"https:\/\/vertivinies.fr\/index.php\/vignerons-salon-vertivinies\/domaine-jacquet\/\",\"url\":\"https:\/\/vertivinies.fr\/index.php\/vignerons-salon-vertivinies\/domaine-jacquet\/\",\"name\":\"Domaine Jacquet : Salon du vin Vertivinies (44)\",\"isPartOf\":{\"@id\":\"http:\/\/vertivinies.fr\/#website\"},\"primaryImageOfPage\":{\"@id\":\"https:\/\/vertivinies.fr\/index.php\/vignerons-salon-vertivinies\/domaine-jacquet\/#primaryimage\"},\"image\":{\"@id\":\"https:\/\/vertivinies.fr\/index.php\/vignerons-salon-vertivinies\/domaine-jacquet\/#primaryimage\"},\"thumbnailUrl\":\"https:\/\/vertivinies.fr\/wp-content\/uploads\/2025\/01\/Celine-Jacquet-1-scaled.jpg\",\"datePublished\":\"2018-02-05T11:32:08+00:00\",\"dateModified\":\"2026-02-04T17:17:13+00:00\",\"description\":\"D\u00e9couvrez le domaine Jacquet pr\u00e9sent au salon Vertivinies, salon du vin organis\u00e9 par l'association Vertivin situ\u00e9e \u00e0 Vertou pr\u00e8s de Nantes (44).\",\"breadcrumb\":{\"@id\":\"https:\/\/vertivinies.fr\/index.php\/vignerons-salon-vertivinies\/domaine-jacquet\/#breadcrumb\"},\"inLanguage\":\"fr-FR\",\"potentialAction\":[{\"@type\":\"ReadAction\",\"target\":[\"https:\/\/vertivinies.fr\/index.php\/vignerons-salon-vertivinies\/domaine-jacquet\/\"]}]},{\"@type\":\"ImageObject\",\"inLanguage\":\"fr-FR\",\"@id\":\"https:\/\/vertivinies.fr\/index.php\/vignerons-salon-vertivinies\/domaine-jacquet\/#primaryimage\",\"url\":\"https:\/\/vertivinies.fr\/wp-content\/uploads\/2025\/01\/Celine-Jacquet-1-scaled.jpg\",\"contentUrl\":\"https:\/\/vertivinies.fr\/wp-content\/uploads\/2025\/01\/Celine-Jacquet-1-scaled.jpg\",\"width\":2560,\"height\":1919},{\"@type\":\"BreadcrumbList\",\"@id\":\"https:\/\/vertivinies.fr\/index.php\/vignerons-salon-vertivinies\/domaine-jacquet\/#breadcrumb\",\"itemListElement\":[{\"@type\":\"ListItem\",\"position\":1,\"name\":\"Accueil\",\"item\":\"http:\/\/vertivinies.fr\/\"},{\"@type\":\"ListItem\",\"position\":2,\"name\":\"Les vignerons pr\u00e9sents lors du salon Vertivinies 2026\",\"item\":\"http:\/\/vertivinies.fr\/index.php\/vignerons-salon-vertivinies\/\"},{\"@type\":\"ListItem\",\"position\":3,\"name\":\"Domaine C\u00e9line Jacquet\"}]},{\"@type\":\"WebSite\",\"@id\":\"http:\/\/vertivinies.fr\/#website\",\"url\":\"http:\/\/vertivinies.fr\/\",\"name\":\"Vertivinies\",\"description\":\"\",\"potentialAction\":[{\"@type\":\"SearchAction\",\"target\":{\"@type\":\"EntryPoint\",\"urlTemplate\":\"http:\/\/vertivinies.fr\/?s={search_term_string}\"},\"query-input\":{\"@type\":\"PropertyValueSpecification\",\"valueRequired\":true,\"valueName\":\"search_term_string\"}}],\"inLanguage\":\"fr-FR\"}]}<\/script>\n<!-- \/ Yoast SEO plugin. -->","yoast_head_json":{"title":"Domaine Jacquet : Salon du vin Vertivinies (44)","description":"D\u00e9couvrez le domaine Jacquet pr\u00e9sent au salon Vertivinies, salon du vin organis\u00e9 par l'association Vertivin situ\u00e9e \u00e0 Vertou pr\u00e8s de Nantes (44).","robots":{"index":"index","follow":"follow","max-snippet":"max-snippet:-1","max-image-preview":"max-image-preview:large","max-video-preview":"max-video-preview:-1"},"canonical":"https:\/\/vertivinies.fr\/index.php\/vignerons-salon-vertivinies\/domaine-jacquet\/","og_locale":"fr_FR","og_type":"article","og_title":"Domaine Jacquet : Salon du vin Vertivinies (44)","og_description":"D\u00e9couvrez le domaine Jacquet pr\u00e9sent au salon Vertivinies, salon du vin organis\u00e9 par l'association Vertivin situ\u00e9e \u00e0 Vertou pr\u00e8s de Nantes (44).","og_url":"https:\/\/vertivinies.fr\/index.php\/vignerons-salon-vertivinies\/domaine-jacquet\/","og_site_name":"Vertivinies","article_publisher":"https:\/\/www.facebook.com\/vertivin","article_modified_time":"2026-02-04T17:17:13+00:00","og_image":[{"width":2560,"height":1919,"url":"https:\/\/vertivinies.fr\/wp-content\/uploads\/2025\/01\/Celine-Jacquet-1-scaled.jpg","type":"image\/jpeg"}],"twitter_card":"summary_large_image","twitter_misc":{"Dur\u00e9e de lecture estim\u00e9e":"1 minute"},"schema":{"@context":"https:\/\/schema.org","@graph":[{"@type":"WebPage","@id":"https:\/\/vertivinies.fr\/index.php\/vignerons-salon-vertivinies\/domaine-jacquet\/","url":"https:\/\/vertivinies.fr\/index.php\/vignerons-salon-vertivinies\/domaine-jacquet\/","name":"Domaine Jacquet : Salon du vin Vertivinies (44)","isPartOf":{"@id":"http:\/\/vertivinies.fr\/#website"},"primaryImageOfPage":{"@id":"https:\/\/vertivinies.fr\/index.php\/vignerons-salon-vertivinies\/domaine-jacquet\/#primaryimage"},"image":{"@id":"https:\/\/vertivinies.fr\/index.php\/vignerons-salon-vertivinies\/domaine-jacquet\/#primaryimage"},"thumbnailUrl":"https:\/\/vertivinies.fr\/wp-content\/uploads\/2025\/01\/Celine-Jacquet-1-scaled.jpg","datePublished":"2018-02-05T11:32:08+00:00","dateModified":"2026-02-04T17:17:13+00:00","description":"D\u00e9couvrez le domaine Jacquet pr\u00e9sent au salon Vertivinies, salon du vin organis\u00e9 par l'association Vertivin situ\u00e9e \u00e0 Vertou pr\u00e8s de Nantes (44).","breadcrumb":{"@id":"https:\/\/vertivinies.fr\/index.php\/vignerons-salon-vertivinies\/domaine-jacquet\/#breadcrumb"},"inLanguage":"fr-FR","potentialAction":[{"@type":"ReadAction","target":["https:\/\/vertivinies.fr\/index.php\/vignerons-salon-vertivinies\/domaine-jacquet\/"]}]},{"@type":"ImageObject","inLanguage":"fr-FR","@id":"https:\/\/vertivinies.fr\/index.php\/vignerons-salon-vertivinies\/domaine-jacquet\/#primaryimage","url":"https:\/\/vertivinies.fr\/wp-content\/uploads\/2025\/01\/Celine-Jacquet-1-scaled.jpg","contentUrl":"https:\/\/vertivinies.fr\/wp-content\/uploads\/2025\/01\/Celine-Jacquet-1-scaled.jpg","width":2560,"height":1919},{"@type":"BreadcrumbList","@id":"https:\/\/vertivinies.fr\/index.php\/vignerons-salon-vertivinies\/domaine-jacquet\/#breadcrumb","itemListElement":[{"@type":"ListItem","position":1,"name":"Accueil","item":"http:\/\/vertivinies.fr\/"},{"@type":"ListItem","position":2,"name":"Les vignerons pr\u00e9sents lors du salon Vertivinies 2026","item":"http:\/\/vertivinies.fr\/index.php\/vignerons-salon-vertivinies\/"},{"@type":"ListItem","position":3,"name":"Domaine C\u00e9line Jacquet"}]},{"@type":"WebSite","@id":"http:\/\/vertivinies.fr\/#website","url":"http:\/\/vertivinies.fr\/","name":"Vertivinies","description":"","potentialAction":[{"@type":"SearchAction","target":{"@type":"EntryPoint","urlTemplate":"http:\/\/vertivinies.fr\/?s={search_term_string}"},"query-input":{"@type":"PropertyValueSpecification","valueRequired":true,"valueName":"search_term_string"}}],"inLanguage":"fr-FR"}]}},"_links":{"self":[{"href":"https:\/\/vertivinies.fr\/index.php\/wp-json\/wp\/v2\/pages\/609","targetHints":{"allow":["GET"]}}],"collection":[{"href":"https:\/\/vertivinies.fr\/index.php\/wp-json\/wp\/v2\/pages"}],"about":[{"href":"https:\/\/vertivinies.fr\/index.php\/wp-json\/wp\/v2\/types\/page"}],"author":[{"embeddable":true,"href":"https:\/\/vertivinies.fr\/index.php\/wp-json\/wp\/v2\/users\/1"}],"replies":[{"embeddable":true,"href":"https:\/\/vertivinies.fr\/index.php\/wp-json\/wp\/v2\/comments?post=609"}],"version-history":[{"count":30,"href":"https:\/\/vertivinies.fr\/index.php\/wp-json\/wp\/v2\/pages\/609\/revisions"}],"predecessor-version":[{"id":2241,"href":"https:\/\/vertivinies.fr\/index.php\/wp-json\/wp\/v2\/pages\/609\/revisions\/2241"}],"up":[{"embeddable":true,"href":"https:\/\/vertivinies.fr\/index.php\/wp-json\/wp\/v2\/pages\/136"}],"wp:featuredmedia":[{"embeddable":true,"href":"https:\/\/vertivinies.fr\/index.php\/wp-json\/wp\/v2\/media\/1982"}],"wp:attachment":[{"href":"https:\/\/vertivinies.fr\/index.php\/wp-json\/wp\/v2\/media?parent=609"}],"wp:term":[{"taxonomy":"category","embeddable":true,"href":"https:\/\/vertivinies.fr\/index.php\/wp-json\/wp\/v2\/categories?post=609"},{"taxonomy":"post_tag","embeddable":true,"href":"https:\/\/vertivinies.fr\/index.php\/wp-json\/wp\/v2\/tags?post=609"}],"curies":[{"name":"wp","href":"https:\/\/api.w.org\/{rel}","templated":true}]}}